{"id":5166,"date":"2020-05-13T23:39:37","date_gmt":"2020-05-14T04:39:37","guid":{"rendered":"http:\/\/beta.ledslac.org\/webinars\/webinar-para-practitioners-de-america-latina-y-el-caribe-potencialidades-de-las-politicas-publicas-sectoriales-para-alcanzar-los-objetivos-del-acuerdo-de-paris\/"},"modified":"2022-07-12T23:21:39","modified_gmt":"2022-07-13T04:21:39","slug":"webinar-para-practitioners-de-america-latina-y-el-caribe-potencialidades-de-las-politicas-publicas-sectoriales-para-alcanzar-los-objetivos-del-acuerdo-de-paris","status":"publish","type":"webinars","link":"https:\/\/www.ledslac.org\/pt\/webinars\/webinar-para-practitioners-de-america-latina-y-el-caribe-potencialidades-de-las-politicas-publicas-sectoriales-para-alcanzar-los-objetivos-del-acuerdo-de-paris\/","title":{"rendered":"Webinar para profissionais da Am\u00e9rica Latina e do Caribe Potenciais de pol\u00edticas p\u00fablicas setoriais para atingir as metas do Acordo de Paris"},"content":{"rendered":"<p><iframe title=\"Potencial das pol\u00edticas p\u00fablicas setoriais para atingir as metas do Acordo de Paris\" width=\"800\" height=\"450\" src=\"https:\/\/www.youtube.com\/embed\/fgNOQ5_cjb8?feature=oembed\" frameborder=\"0\" allow=\"accelerometer; autoplay; clipboard-write; encrypted-media; gyroscope; picture-in-picture\" allowfullscreen><\/iframe><\/p>\n<ul class=\"fusion-checklist fusion-checklist-1\">\n<li class=\"fusion-li-item\">\n<div class=\"fusion-li-item-content\"><strong>Dia:<\/strong>&nbsp;Quarta-feira, 20 de maio de 2020.<\/div>\n<\/li>\n<li class=\"fusion-li-item\"><i class=\"fusion-li-icon fa fa-clock-o\" aria-hidden=\"true\">&nbsp;<\/i><strong>Tempo:<\/strong>&nbsp;09:00 - 10:30 (CST, hor\u00e1rio da Costa Rica)<\/li>\n<li class=\"fusion-li-item\"><i class=\"fusion-li-icon fa fa-check\" aria-hidden=\"true\">&nbsp;<\/i>Verifique o hor\u00e1rio do webinar de acordo com sua localiza\u00e7\u00e3o: <a href=\"https:\/\/bit.ly\/2WLxcyw\" target=\"_blank\" rel=\"noopener noreferrer\">https:\/\/bit.ly\/2WLxcyw<\/a><\/li>\n<\/ul>\n<h2><strong>Agenda<\/strong><\/h2>\n<p><strong>Introdu\u00e7\u00e3o. Eduardo Jos\u00e9 S\u00e1nchez Sierra<\/strong>. Coordenador do Secretariado, Plataforma LEDS LAC.<\/p>\n<p><strong>Mudan\u00e7as clim\u00e1ticas e pol\u00edticas p\u00fablicas na Am\u00e9rica Latina e no Caribe: Desafios para o cumprimento do Acordo de Paris. Joseluis Samaniego.<\/strong> Diretor da Divis\u00e3o de Desenvolvimento Sustent\u00e1vel e Assentamentos Humanos, Comiss\u00e3o Econ\u00f4mica para a Am\u00e9rica Latina e o Caribe (CEPAL). |<a href=\"https:\/\/ledslac.org\/wp-content\/uploads\/2020\/05\/cc-JLS_Webinar_C2G-ledslac.pdf\" target=\"_blank\" rel=\"noopener noreferrer\">Baixar apresenta\u00e7\u00e3o<\/a><\/p>\n<p><strong>Usando o simulador clim\u00e1tico EN ROADS para atingir as metas do Acordo de Paris. Eduardo Fracassi.<\/strong> Embaixador, Climate Interactive.<\/p>\n<p><strong>Discurso de encerramento. Alia Hassan. <\/strong>Oficial de divulga\u00e7\u00e3o, Carnegie Climate Governance Initiative (C2G).<\/p>\n<p><strong>Sobre o webinar<\/strong><\/p>\n<p>Em seu relat\u00f3rio especial sobre os impactos do aquecimento global de 1,5\u00b0C, o Painel Intergovernamental sobre Mudan\u00e7as Clim\u00e1ticas (IPCC) incorporou a remo\u00e7\u00e3o de di\u00f3xido de carbono (CDD) \u00e0s trajet\u00f3rias de emiss\u00f5es. \u00c0 medida que as discuss\u00f5es sobre tecnologias que alteram o clima e sua governan\u00e7a ganham espa\u00e7o nos espa\u00e7os de negocia\u00e7\u00e3o sobre mudan\u00e7as clim\u00e1ticas, \u00e9 importante que os profissionais da regi\u00e3o tenham informa\u00e7\u00f5es suficientes para se posicionar nessas discuss\u00f5es.<\/p>\n<p>Nesse contexto, a CEPAL, no \u00e2mbito do Programa EUROCLIMA+, a Plataforma LEDS LAC e o C2G est\u00e3o desenvolvendo uma s\u00e9rie de webinars que fortalecer\u00e3o seu conhecimento sobre essas abordagens, compreender\u00e3o os riscos e benef\u00edcios que essas tecnologias implicam, o impacto que poderiam ter na realiza\u00e7\u00e3o dos ODS e os desafios de sua governan\u00e7a.<\/p>\n<p>Para dar in\u00edcio a essa s\u00e9rie, este primeiro webinar abordar\u00e1 os desafios atuais da regi\u00e3o no cumprimento de suas metas no \u00e2mbito do Acordo de Paris. Al\u00e9m disso, ele apresentar\u00e1 os <a href=\"https:\/\/en-roads.climateinteractive.org\/scenario.html?v=2.7.19\" target=\"_blank\" rel=\"noopener\">EN-ROADS<\/a>um simulador de pol\u00edtica clim\u00e1tica desenvolvido pela Climate Interactive, Ventana Systems e MIT Sloan. Com o uso desse simulador, os profissionais de mudan\u00e7as clim\u00e1ticas criar\u00e3o cen\u00e1rios de pol\u00edticas para atingir as metas do Acordo de Paris.<\/p>\n<p>Este webinar ser\u00e1 realizado em espanhol com tradu\u00e7\u00e3o simult\u00e2nea para o ingl\u00eas.  Se voc\u00ea tiver alguma d\u00favida ou pergunta, escreva para a Plataforma LEDS LAC no seguinte endere\u00e7o de e-mail&nbsp;<a href=\"mailto:info@ledslac.org\">info@ledslac.org<\/a>.<\/p>\n<h2><strong>Sobre os participantes do painel<\/strong><\/h2>\n<div class=\"fusion-column content-box-column content-box-column content-box-column-1 col-lg-12 col-md-12 col-sm-12 fusion-content-box-hover content-box-column-last-in-row\">\n<div class=\"col content-box-wrapper content-wrapper link-area-link-icon icon-hover-animation-fade\" data-animationoffset=\"100%\">\n<div class=\"heading icon-left\">\n<h2 class=\"content-box-heading fusion-responsive-typography-calculated\" data-fontsize=\"18\" data-lineheight=\"23.04px\">Joseluis Samaniego<\/h2>\n<\/div>\n<div class=\"fusion-clearfix\"><\/div>\n<div class=\"content-container\">Diretor da Divis\u00e3o de Desenvolvimento Sustent\u00e1vel e Assentamentos Humanos da CEPAL. Ele \u00e9 economista pela Universidade Aut\u00f4noma do M\u00e9xico (UNAM) e tem mestrado em Economia Pol\u00edtica Internacional. Tamb\u00e9m \u00e9 PhD em Economia pela Universidade Nacional Aut\u00f4noma do M\u00e9xico. \u00c9 autor e coautor de v\u00e1rios artigos e livros sobre mudan\u00e7as clim\u00e1ticas, o desafio das pol\u00edticas p\u00fablicas e a an\u00e1lise econ\u00f4mica das mudan\u00e7as clim\u00e1ticas. Foi consultor do Banco Mundial, do Programa das Na\u00e7\u00f5es Unidas para o Desenvolvimento (PNUD), do Programa das Na\u00e7\u00f5es Unidas para o Meio Ambiente (PNUMA) e do World Wide Fund for Nature (WWF), entre outras organiza\u00e7\u00f5es internacionais.<\/div>\n<\/div>\n<\/div>\n<div class=\"fusion-column content-box-column content-box-column content-box-column-2 col-lg-12 col-md-12 col-sm-12 fusion-content-box-hover content-box-column-last content-box-column-last-in-row\">\n<div class=\"col content-box-wrapper content-wrapper link-area-link-icon icon-hover-animation-fade\" data-animationoffset=\"100%\">\n<div class=\"heading icon-left\"><span id=\"elementor-toc__heading-anchor-3\" class=\"elementor-menu-anchor\"><\/span><\/p>\n<h2 class=\"content-box-heading fusion-responsive-typography-calculated\" data-fontsize=\"18\" data-lineheight=\"23.04px\">Eduardo Fracassi<\/h2>\n<\/div>\n<div class=\"fusion-clearfix\"><\/div>\n<div class=\"content-container\">Embaixador da Climate Interactive desde 2016 e professor do Instituto Tecnol\u00f3gico de Buenos Aires. Ele conduziu mais de 100 simula\u00e7\u00f5es desde 2013 na Alemanha, Argentina, Brasil, Col\u00f4mbia, Costa Rica, M\u00e9xico e Uruguai. Ele lidera a equipe Kiri ITBA que venceu a competi\u00e7\u00e3o MIT Climate Colab de 2016 na categoria ind\u00fastria com a proposta 25C implementada pelo governo argentino e recebida pelo presidente.<\/div>\n<\/div>\n<\/div>\n<h2>Material adicional<\/h2>\n<p><img decoding=\"async\" src=\"https:\/\/ledslac.org\/wp-content\/uploads\/2021\/04\/EN-ROADS.png\" alt=\"\" width=\"119\" height=\"47\"><\/p>\n<p><a href=\"https:\/\/secureservercdn.net\/198.71.233.13\/fd4.9c7.myftpupload.com\/wp-content\/uploads\/2020\/05\/EN-ROADS.png\" target=\"_blank\" rel=\"noopener\">Simulador EN-ROADS<\/a><\/p>\n<ul>\n<li><a href=\"https:\/\/ledslac.org\/wp-content\/uploads\/2020\/05\/Webinar1_C2G_Informe-de-mensajes-clave.pdf\" target=\"_blank\" rel=\"noopener\">Relat\u00f3rio de mensagens-chave<\/a><\/li>\n<li>\n<p style=\"font-weight: 400;\">Resumo da pol\u00edtica:<\/p>\n<ul>\n<li>\n<p style=\"font-weight: 400;\"><a href=\"https:\/\/www.c2g2.net\/wp-content\/uploads\/c2g_policybrief_CDR_es.pdf\" data-saferedirecturl=\"https:\/\/www.google.com\/url?q=https:\/\/www.c2g2.net\/wp-content\/uploads\/c2g_policybrief_CDR_es.pdf&amp;source=gmail&amp;ust=1591889438733000&amp;usg=AFQjCNFih3YLCbZ4WCd3t_lHKpMZJ3pDTw\" target=\"_blank\" rel=\"noopener\">Governan\u00e7a para remo\u00e7\u00e3o de di\u00f3xido de carbono em larga escala<\/a><\/p>\n<\/li>\n<li>\n<p style=\"font-weight: 400;\"><a href=\"https:\/\/www.c2g2.net\/wp-content\/uploads\/c2g_policybrief_NBS_es.pdf\" data-saferedirecturl=\"https:\/\/www.google.com\/url?q=https:\/\/www.c2g2.net\/wp-content\/uploads\/c2g_policybrief_NBS_es.pdf&amp;source=gmail&amp;ust=1591889438733000&amp;usg=AFQjCNHlb2Z7Ocf4BoaPo91bv7QNbA_ajQ\" target=\"_blank\" rel=\"noopener\">Governan\u00e7a de solu\u00e7\u00f5es baseadas na natureza para a remo\u00e7\u00e3o de di\u00f3xido de carbono<\/a><\/p>\n<\/li>\n<li>\n<p style=\"font-weight: 400;\"><a href=\"https:\/\/www.c2g2.net\/wp-content\/uploads\/c2g_policybrief_marine-CDR_es.pdf\" data-saferedirecturl=\"https:\/\/www.google.com\/url?q=https:\/\/www.c2g2.net\/wp-content\/uploads\/c2g_policybrief_marine-CDR_es.pdf&amp;source=gmail&amp;ust=1591889438733000&amp;usg=AFQjCNHrg5gA88PXVDhYovRmTaATwCIROA\" target=\"_blank\" rel=\"noopener\">Governan\u00e7a da remo\u00e7\u00e3o de di\u00f3xido de carbono no ambiente marinho<\/a><\/p>\n<\/li>\n<\/ul>\n<\/li>\n<li>\n<p style=\"font-weight: 400;\"><a href=\"http:\/\/c2g2.net\/wp-content\/uploads\/C2G2_LS_CDR_summary_SPANISH.pdf\" data-saferedirecturl=\"https:\/\/www.google.com\/url?q=http:\/\/c2g2.net\/wp-content\/uploads\/C2G2_LS_CDR_summary_SPANISH.pdf&amp;source=gmail&amp;ust=1591889438733000&amp;usg=AFQjCNGMn_SBZiWfRFmb9HG9Rze9uaq_ag\" target=\"_blank\" rel=\"noopener\">Governan\u00e7a da remo\u00e7\u00e3o de di\u00f3xido de carbono em larga escala: estamos prontos?<\/a><\/p>\n<\/li>\n<\/ul>\n<p>Para obter mais informa\u00e7\u00f5es, visite <a href=\"https:\/\/www.c2g2.net\/publications\/\" target=\"_blank\" rel=\"noopener noreferrer\">https:\/\/www.c2g2.net\/publications\/<\/a><\/p>\n<p style=\"text-align: center;\"><em>Este webinar \u00e9 organizado em conjunto com:<\/em><\/p>\n<p><img fetchpriority=\"high\" decoding=\"async\" src=\"https:\/\/ledslac.org\/wp-content\/uploads\/2021\/04\/Captura-de-Pantalla-2020-06-01-a-las-13.56.04.png\" alt=\"\" width=\"1276\" height=\"358\"><\/p>","protected":false},"featured_media":2477,"menu_order":0,"template":"","format":"standard","meta":[],"seccion-relacionada":[],"class_list":["post-5166","webinars","type-webinars","status-publish","format-standard","has-post-thumbnail","hentry"],"_links":{"self":[{"href":"https:\/\/www.ledslac.org\/pt\/wp-json\/wp\/v2\/webinars\/5166","targetHints":{"allow":["GET"]}}],"collection":[{"href":"https:\/\/www.ledslac.org\/pt\/wp-json\/wp\/v2\/webinars"}],"about":[{"href":"https:\/\/www.ledslac.org\/pt\/wp-json\/wp\/v2\/types\/webinars"}],"version-history":[{"count":0,"href":"https:\/\/www.ledslac.org\/pt\/wp-json\/wp\/v2\/webinars\/5166\/revisions"}],"wp:featuredmedia":[{"embeddable":true,"href":"https:\/\/www.ledslac.org\/pt\/wp-json\/wp\/v2\/media\/2477"}],"wp:attachment":[{"href":"https:\/\/www.ledslac.org\/pt\/wp-json\/wp\/v2\/media?parent=5166"}],"wp:term":[{"taxonomy":"seccion-relacionada","embeddable":true,"href":"https:\/\/www.ledslac.org\/pt\/wp-json\/wp\/v2\/seccion-relacionada?post=5166"}],"curies":[{"name":"wp","href":"https:\/\/api.w.org\/{rel}","templated":true}]}}