{"id":359,"date":"2020-10-09T00:00:00","date_gmt":"2020-10-09T05:00:00","guid":{"rendered":"http:\/\/beta.ledslac.org\/evento-conjunto-2020\/agenda\/financiamiento-para-la-adopcion-y-sostenibilidad-de-buses-electricos-en-el-transporte-publico\/"},"modified":"2020-10-09T00:00:00","modified_gmt":"2020-10-09T05:00:00","slug":"financiamiento-para-la-adopcion-y-sostenibilidad-de-buses-electricos-en-el-transporte-publico","status":"publish","type":"eventos","link":"https:\/\/www.ledslac.org\/pt\/evento-conjunto-2020\/agenda\/financiamiento-para-la-adopcion-y-sostenibilidad-de-buses-electricos-en-el-transporte-publico\/","title":{"rendered":"Financiamento para a ado\u00e7\u00e3o e sustentabilidade de \u00f4nibus el\u00e9tricos no transporte p\u00fablico"},"content":{"rendered":"<h3>Sobre o evento<\/h3>\n<p><a role=\"button\"><br \/>\nSess\u00e3o por convite<br \/>\n<\/a><\/p>\n<p><strong>Mobilidade el\u00e9trica no contexto de uma recupera\u00e7\u00e3o verde: rumo \u00e0 ado\u00e7\u00e3o de \u00f4nibus el\u00e9tricos na Am\u00e9rica Latina e no Caribe<\/strong><\/p>\n<p>Este workshop \u00e9 organizado pelo Grupo de Trabalho de Transporte da Plataforma Regional LEDS LAC, coordenado pela Asociaci\u00f3n Sustentar, juntamente com o Banco de Desenvolvimento da Am\u00e9rica Latina CAF e a \"Iniciativa de \u00d4nibus sem Fuligem e de Baixo Carbono\" do Programa Clima e Ar Limpo nas Cidades da Am\u00e9rica Latina CALAC+. Faz parte do eixo tem\u00e1tico \"Descarboniza\u00e7\u00e3o do transporte para uma recupera\u00e7\u00e3o sustent\u00e1vel e resiliente\" do Evento Regional Conjunto \"A\u00e7\u00e3o clim\u00e1tica em tempos de crise\", organizado por LEDS LAC, EUROCLIMA+, BID e PNUD. Este evento \u00e9 organizado com a inten\u00e7\u00e3o de reunir os esfor\u00e7os de importantes iniciativas, programas e organiza\u00e7\u00f5es da regi\u00e3o da Am\u00e9rica Latina e do Caribe que trabalham para promover a a\u00e7\u00e3o clim\u00e1tica e a transforma\u00e7\u00e3o do desenvolvimento nos pa\u00edses da regi\u00e3o.<\/p>\n<p>O workshop consistir\u00e1 em tr\u00eas sess\u00f5es fechadas, por convite, a serem realizadas nos dias 13, 14 e 16 de outubro, das 9h \u00e0s 11h30, hor\u00e1rio de Lima. As sess\u00f5es est\u00e3o estruturadas em torno de tr\u00eas focos:<\/p>\n<ul>\n<li style=\"font-weight: 400;\">Infraestrutura e tecnologias dispon\u00edveis para a opera\u00e7\u00e3o de \u00f4nibus el\u00e9tricos<\/li>\n<li style=\"font-weight: 400;\">Financiamento para a ado\u00e7\u00e3o e sustentabilidade de \u00f4nibus el\u00e9tricos no transporte p\u00fablico<\/li>\n<li style=\"font-weight: 400;\">Mecanismos de articula\u00e7\u00e3o para a implementa\u00e7\u00e3o da mobilidade eletr\u00f4nica no transporte p\u00fablico<\/li>\n<\/ul>\n<p>O objetivo do workshop \u00e9 promover o interc\u00e2mbio entre pares, durante o qual as cidades podem aprender com outras cidades em situa\u00e7\u00f5es semelhantes ou diferentes e receber informa\u00e7\u00f5es de organiza\u00e7\u00f5es envolvidas no financiamento e na promo\u00e7\u00e3o da mobilidade el\u00e9trica na regi\u00e3o.<\/p>\n<h3>Agenda<\/h3>\n<p><b>Dia 2: Financiamento para a ado\u00e7\u00e3o e sustentabilidade de \u00f4nibus el\u00e9tricos no transporte p\u00fablico<\/b><\/p>\n<p>14\/10\/2020<\/p>\n<p>Hor\u00e1rio: 09:00 hrs (Peru\/Col\u00f4mbia) - 11:00 hrs (Argentina\/Chile)<\/p>\n<p>A segunda reuni\u00e3o incluir\u00e1 depoimentos de cidades da regi\u00e3o sobre suas experi\u00eancias na estrutura\u00e7\u00e3o de financiamento para o investimento e a opera\u00e7\u00e3o de \u00f4nibus el\u00e9tricos no transporte urbano. A sess\u00e3o ter\u00e1 um car\u00e1ter essencialmente pr\u00e1tico, durante o qual ser\u00e1 realizada uma atividade em grupo na qual os participantes poder\u00e3o identificar as necessidades e os obst\u00e1culos encontrados ao definir poss\u00edveis esquemas de financiamento de seus planos para a ado\u00e7\u00e3o da mobilidade el\u00e9trica e definir poss\u00edveis a\u00e7\u00f5es de curto e m\u00e9dio prazo para solucion\u00e1-los.<\/p>\n<h5>Evento do eixo tem\u00e1tico Transporte por.<\/h5>\n<figure><img decoding=\"async\" src=\"https:\/\/ledslac.org\/wp-content\/uploads\/2021\/04\/CAF50-logo-RGB_color.png\" alt=\"CAF50-logo-RGB_color-\" \/><\/figure>\n<figure><img decoding=\"async\" src=\"https:\/\/ledslac.org\/wp-content\/uploads\/2021\/04\/LOGO-CALAC_Blanc-01.jpg\" alt=\"LOGO CALAC_Blanc-01\" \/><\/figure>\n<figure><img decoding=\"async\" src=\"https:\/\/ledslac.org\/wp-content\/uploads\/2021\/04\/logo-sustentar-1.jpg\" alt=\"logo-sustentar\" \/><\/figure>\n<figure><img decoding=\"async\" src=\"https:\/\/ledslac.org\/wp-content\/uploads\/2021\/04\/logo-LEDS.jpg\" alt=\"logo-LEDS\" \/><\/figure>\n<p><a href=\"https:\/\/www.ledslac.org\/pt\/evento-conjunto-2020\/agenda\/infraestructura-tecnologias-disponibles-operacion-buses-electricos\/\" target=\"_blank\" rel=\"noopener\"><br \/>\nVeja o Dia 1<br \/>\nVeja o Dia 1<br \/>\n<\/a><br \/>\n<a href=\"https:\/\/www.ledslac.org\/pt\/evento-conjunto-2020\/agenda\/mecanismos-de-articulacion-para-la-adopcion-de-electro-movilidad-en-el-transporte-publico\/\" target=\"_blank\" rel=\"noopener\"><br \/>\nVer Dia 3<br \/>\nVer Dia 3<br \/>\n<\/a><\/p>","protected":false},"excerpt":{"rendered":"<p>Sobre el evento Sesi\u00f3n por invitaci\u00f3n Movilidad el\u00e9ctrica en el contexto de una recuperaci\u00f3n verde: hacia la adopci\u00f3n de buses el\u00e9ctricos en LAC Este taller es organizado por el Grupo de Trabajo de Transporte de la Plataforma Regional LEDS LAC, coordinado por Asociaci\u00f3n Sustentar, junto al Banco de Desarrollo de Am\u00e9rica Latina CAF y la [&hellip;]<\/p>\n","protected":false},"featured_media":355,"template":"","hitos":[19,21],"estado-del-evento":[17],"class_list":["post-359","eventos","type-eventos","status-publish","has-post-thumbnail","hentry","hitos-descarbonizando-el-transporte","hitos-hub-de-eventos","estado-del-evento-pasado"],"_links":{"self":[{"href":"https:\/\/www.ledslac.org\/pt\/wp-json\/wp\/v2\/eventos\/359","targetHints":{"allow":["GET"]}}],"collection":[{"href":"https:\/\/www.ledslac.org\/pt\/wp-json\/wp\/v2\/eventos"}],"about":[{"href":"https:\/\/www.ledslac.org\/pt\/wp-json\/wp\/v2\/types\/eventos"}],"version-history":[{"count":0,"href":"https:\/\/www.ledslac.org\/pt\/wp-json\/wp\/v2\/eventos\/359\/revisions"}],"wp:featuredmedia":[{"embeddable":true,"href":"https:\/\/www.ledslac.org\/pt\/wp-json\/wp\/v2\/media\/355"}],"wp:attachment":[{"href":"https:\/\/www.ledslac.org\/pt\/wp-json\/wp\/v2\/media?parent=359"}],"wp:term":[{"taxonomy":"hitos","embeddable":true,"href":"https:\/\/www.ledslac.org\/pt\/wp-json\/wp\/v2\/hitos?post=359"},{"taxonomy":"estado-del-evento","embeddable":true,"href":"https:\/\/www.ledslac.org\/pt\/wp-json\/wp\/v2\/estado-del-evento?post=359"}],"curies":[{"name":"wp","href":"https:\/\/api.w.org\/{rel}","templated":true}]}}